{"id":433,"date":"2024-11-25T19:54:10","date_gmt":"2024-11-25T18:54:10","guid":{"rendered":"https:\/\/lenalaw.be\/?page_id=433"},"modified":"2026-02-27T15:08:24","modified_gmt":"2026-02-27T14:08:24","slug":"433-2","status":"publish","type":"page","link":"https:\/\/lenalaw.be\/fr\/","title":{"rendered":"Home"},"content":{"rendered":"\n<section class=\"wp-block-group alignfull is-layout-flow wp-block-group-is-layout-flow\">\n<div class=\"wp-block-cover alignfull is-light has-custom-content-position is-position-bottom-center\" style=\"min-height:100vh;aspect-ratio:unset;\"><video class=\"wp-block-cover__video-background intrinsic-ignore\" autoplay muted loop playsinline src=\"https:\/\/lenalaw.be\/wp-content\/uploads\/2025\/03\/Header_LenaLaw_v4.mp4\" data-object-fit=\"cover\"><\/video><span aria-hidden=\"true\" class=\"wp-block-cover__background has-headers-background-color has-background-dim-0 has-background-dim\"><\/span><div class=\"wp-block-cover__inner-container is-layout-flow wp-block-cover-is-layout-flow\">\n<div class=\"wp-block-anfb-animation-container\" data-aos=\"fade-\" data-aos-duration=\"1900\" data-aos-easing=\"ease-in-out\" data-aos-mirror=\"true\">\n<div class=\"wp-block-group alignwide is-vertical is-layout-flex wp-container-core-group-is-layout-c509e09b wp-block-group-is-layout-flex\" style=\"margin-bottom:var(--wp--preset--spacing--50)\">\n<div class=\"wp-block-group has-global-padding is-layout-constrained wp-container-core-group-is-layout-639b5052 wp-block-group-is-layout-constrained\" style=\"padding-top:0;padding-right:0;padding-bottom:0;padding-left:0\">\n<p class=\"has-gray-light-color has-text-color has-link-color has-extra-huge-font-size wp-elements-df8674c102f0c9e5f9dac873f5dd2990\" style=\"margin-top:0;margin-bottom:0;font-style:normal;font-weight:600;letter-spacing:0.06rem;line-height:1\">Legal clarity for leading with integrity<\/p>\n\n\n\n<p class=\"has-gray-light-primary-color has-text-color has-link-color has-small-font-size wp-elements-686041417c6bb8ea0650139b556437b3\" style=\"margin-top:var(--wp--preset--spacing--30);letter-spacing:0.15rem\">POWERED BY <strong>VS A<\/strong>DVOCATEN<\/p>\n<\/div>\n<\/div>\n<\/div>\n<\/div><\/div>\n<\/section>\n\n\n\n<section class=\"wp-block-group alignfull is-style-default has-global-padding is-layout-constrained wp-container-core-group-is-layout-639b5052 wp-block-group-is-layout-constrained\" id=\"about\" style=\"padding-top:0;padding-right:0;padding-bottom:0;padding-left:0\">\n<div class=\"wp-block-group alignfull is-style-section has-global-padding is-layout-constrained wp-block-group-is-layout-constrained\"><div class=\"custom-wp-block-separator alignwide has-primary-color\"><hr><\/div>\n\n\n<div class=\"wp-block-columns alignwide is-layout-flex wp-container-core-columns-is-layout-12a0b04b wp-block-columns-is-layout-flex\" style=\"padding-top:var(--wp--preset--spacing--40)\">\n<div class=\"wp-block-column is-vertically-aligned-top is-layout-flow wp-container-core-column-is-layout-1ead86ce wp-block-column-is-layout-flow\" style=\"padding-bottom:var(--wp--preset--spacing--40);flex-basis:40%\">\n<p class=\"has-primary-color has-text-color has-link-color has-extra-huge-font-size wp-elements-8851c607217933f074e7d3b554bfe916\" style=\"font-style:normal;font-weight:600;line-height:1.1\">\u00c0 propos de nous<\/p>\n\n\n\n<p class=\"has-primary-color has-text-color has-link-color has-medium-font-size wp-elements-1f5a28d92d067d13fe2d5a8bc845bc24\">Compte tenu de l\u2019augmentation exponentielle, de la complexit\u00e9 de la r\u00e9glementation relative au bien-\u00eatre psychosocial au travail, les entreprises et leurs dirigeants sont souvent insuffisamment inform\u00e9s et accro\u00eet d\u00e8s lors le risque de voir leur responsabilit\u00e9 engag\u00e9e.<br>LenaLaw a pour objectif de combler ce d\u00e9ficit de connaissances et d\u2019aider les entreprises \u00e0 naviguer correctement sur le plan juridique et \u00e0 renforcer leur int\u00e9grit\u00e9. Nous souhaitons ainsi contribuer \u00e0 la performance de votre organisation et pr\u00e9venir des dommages \u00e9vitables, tant pour les employeurs que pour les travailleurs.<br>LenaLaw offre un accompagnement \u00e0 la fois pr\u00e9ventif et r\u00e9actif, en s\u2019appuyant sur une m\u00e9thodologie d\u2019audit \u00e9prouv\u00e9e et unique afin de d\u00e9tecter et neutraliser les risques juridiques, et de garantir une culture de travail et un leadership int\u00e8gres.<\/p>\n\n\n\n<p class=\"has-secondary-color has-text-color has-link-color has-medium-font-size wp-elements-5e6cb32c40928746ce9879ade452c298\"><\/p>\n<\/div>\n\n\n\n<div class=\"wp-block-column is-vertically-aligned-center is-layout-flow wp-block-column-is-layout-flow\" style=\"flex-basis:60%\">\n<figure class=\"wp-block-image size-full\"><img alt=\"\" loading=\"lazy\" decoding=\"async\" width=\"1076\" height=\"1004\" src=\"https:\/\/lenalaw.be\/wp-content\/uploads\/2025\/03\/about-image.jpg\" alt=\"\" class=\"wp-image-334\" srcset=\"https:\/\/lenalaw.be\/wp-content\/uploads\/2025\/03\/about-image.jpg 1076w, https:\/\/lenalaw.be\/wp-content\/uploads\/2025\/03\/about-image-760x709.jpg 760w, https:\/\/lenalaw.be\/wp-content\/uploads\/2025\/03\/about-image-768x717.jpg 768w\" sizes=\"auto, (max-width: 1076px) 100vw, 1076px\" \/><\/figure>\n<\/div>\n<\/div>\n<\/div>\n\n\n\n<div class=\"wp-block-cover alignfull has-custom-content-position is-position-top-center\" style=\"min-height:100vh;aspect-ratio:unset;\"><img alt=\"\" loading=\"lazy\" decoding=\"async\" width=\"2600\" height=\"1517\" class=\"wp-block-cover__image-background wp-image-332\" alt=\"\" src=\"https:\/\/lenalaw.be\/wp-content\/uploads\/2025\/03\/our-values-are-bg-04.jpg\" data-object-fit=\"cover\" srcset=\"https:\/\/lenalaw.be\/wp-content\/uploads\/2025\/03\/our-values-are-bg-04.jpg 2600w, https:\/\/lenalaw.be\/wp-content\/uploads\/2025\/03\/our-values-are-bg-04-760x443.jpg 760w, https:\/\/lenalaw.be\/wp-content\/uploads\/2025\/03\/our-values-are-bg-04-1280x747.jpg 1280w, https:\/\/lenalaw.be\/wp-content\/uploads\/2025\/03\/our-values-are-bg-04-768x448.jpg 768w, https:\/\/lenalaw.be\/wp-content\/uploads\/2025\/03\/our-values-are-bg-04-1536x896.jpg 1536w, https:\/\/lenalaw.be\/wp-content\/uploads\/2025\/03\/our-values-are-bg-04-2048x1195.jpg 2048w\" sizes=\"auto, (max-width: 2600px) 100vw, 2600px\" \/><span aria-hidden=\"true\" class=\"wp-block-cover__background has-dark-background-color has-background-dim\"><\/span><div class=\"wp-block-cover__inner-container has-global-padding is-layout-constrained wp-block-cover-is-layout-constrained\">\n<div class=\"wp-block-group alignwide is-style-section is-layout-flow wp-block-group-is-layout-flow\"><div class=\"custom-wp-block-separator alignfull has-light-color\"><hr><\/div>\n\n\n<p class=\"has-light-color has-text-color has-link-color has-extra-huge-font-size wp-elements-357103374faafe9c5512812efe2fa48b\" style=\"margin-top:0;margin-bottom:0;font-style:normal;font-weight:600\">Nos valeurs<\/p>\n\n\n<div class=\"block-slider-text\">\n    <p\n            class=\"typewrite\"\n            data-period=\"1000\"\n            data-type='[\n                                                         \"Discr\u00e9tion\",\n                                                                             \"M\u00e9diation\",\n                                                                             \"S\u00e9r\u00e9nit\u00e9\"\n                                                     ]'>\n    <\/p>\n<\/div>\n<\/div>\n<\/div><\/div>\n<\/section>\n\n\n\n<section class=\"wp-block-group alignfull is-style-section has-gray-light-primary-background-color has-background has-global-padding is-layout-constrained wp-block-group-is-layout-constrained\" id=\"services\">\n<div class=\"wp-block-group alignwide is-layout-flow wp-block-group-is-layout-flow\"><div class=\"custom-wp-block-separator has-primary-color\"><hr><\/div>\n\n\n<div class=\"wp-block-group has-global-padding is-content-justification-left is-layout-constrained wp-container-core-group-is-layout-81bd4d5e wp-block-group-is-layout-constrained\" style=\"padding-top:var(--wp--preset--spacing--20);padding-bottom:var(--wp--preset--spacing--40)\">\n<p class=\"has-primary-color has-text-color has-link-color has-huge-font-size wp-elements-381078601d13000813e0ac378d1467d4\" style=\"margin-top:var(--wp--preset--spacing--20);margin-bottom:var(--wp--preset--spacing--20);font-style:normal;font-weight:600;line-height:1.1\">LenaLaw vous propose plusieurs services, notamment :<\/p>\n<\/div>\n\n\n\n<details class=\"wp-block-details is-style-animated is-layout-flow wp-block-details-is-layout-flow\" open><summary><strong><strong>Audit d\u2019int\u00e9grit\u00e9 au travail<\/strong><\/strong><\/summary>\n<div class=\"wp-block-group is-style-two-columns-text is-layout-flow wp-block-group-is-layout-flow\">\n<p class=\"has-secondary-color has-text-color has-link-color wp-elements-7d0b44706289ddb7e4aeb83ab5b47039\">LenaLaw propose une m\u00e9thodologie d\u2019audit unique et \u00e9prouv\u00e9e permettant, de mani\u00e8re pr\u00e9ventive, d\u2019identifier, d\u2019analyser et de synth\u00e9tiser dans un rapport, de fa\u00e7on ind\u00e9pendante, des probl\u00e9matiques ainsi que des dysfonctionnements potentiels ou risques sur le lieu de travail.<\/p>\n\n\n\n<p class=\"has-secondary-color has-text-color has-link-color wp-elements-1f0fb72730b0cc8b795945858afa06a3\">Un audit r\u00e9actif peut \u00e9galement \u00eatre r\u00e9alis\u00e9 lorsque des probl\u00e9matiques telles que le leadership toxique, des comportements transgressifs ou la responsabilit\u00e9 des administrateurs sont suspect\u00e9es. Le rapport d\u00e9taill\u00e9 contient des recommandations d\u2019am\u00e9liorations juridiques et organisationnelles, constituant une base solide pour une gouvernance prudente et un leadership int\u00e8gre conforme aux exigences l\u00e9gales. <\/p>\n\n\n\n<p class=\"has-secondary-color has-text-color has-link-color wp-elements-d83900e5210bfa2bf496053811178b0a\">Le rapport peut \u00eatre utilis\u00e9 par votre entreprise en cas de contestations ou de contr\u00f4les par les inspections comp\u00e9tentes en mati\u00e8re d\u2019int\u00e9grit\u00e9 au travail.<\/p>\n\n\n\n<p><\/p>\n<\/div>\n\n\n\n<figure class=\"wp-block-image size-large\"><img alt=\"\" loading=\"lazy\" decoding=\"async\" width=\"1280\" height=\"396\" src=\"https:\/\/lenalaw.be\/wp-content\/uploads\/2025\/03\/services-worplace-integrity-1-1280x396.jpg\" alt=\"\" class=\"wp-image-345\" srcset=\"https:\/\/lenalaw.be\/wp-content\/uploads\/2025\/03\/services-worplace-integrity-1-1280x396.jpg 1280w, https:\/\/lenalaw.be\/wp-content\/uploads\/2025\/03\/services-worplace-integrity-1-760x235.jpg 760w, https:\/\/lenalaw.be\/wp-content\/uploads\/2025\/03\/services-worplace-integrity-1-768x238.jpg 768w, https:\/\/lenalaw.be\/wp-content\/uploads\/2025\/03\/services-worplace-integrity-1.jpg 1440w\" sizes=\"auto, (max-width: 1280px) 100vw, 1280px\" \/><\/figure>\n<\/details>\n\n\n\n<details class=\"wp-block-details is-style-animated is-layout-flow wp-block-details-is-layout-flow\"><summary><strong>Conseil juridique sur mesure<\/strong><\/summary>\n<div class=\"wp-block-group is-style-two-columns-text is-layout-flow wp-block-group-is-layout-flow\">\n<p class=\"has-secondary-color has-text-color has-link-color wp-elements-4b123c9e4c9b3f8dd79c15b4c5d37678\">LenaLaw fournit des conseils juridiques sur mesure aux entreprises et \u00e0 leurs dirigeants. Lorsqu\u2019un probl\u00e8me concret ou un conflit est d\u00e9tect\u00e9 sur le lieu de travail, il peut \u00eatre indiqu\u00e9 de mettre en place un accompagnement tr\u00e8s cibl\u00e9.<\/p>\n\n\n\n<p class=\"has-secondary-color has-text-color has-link-color wp-elements-3a5fc4efb4172dbf87f5c2d4ca43d8dd\">LenaLaw propose \u00e9galement des formations visant \u00e0 affiner la connaissance, au sein de votre \u00e9quipe, de la r\u00e9glementation applicable, \u00e0 promouvoir une culture de travail s\u00fbre et int\u00e8gre, et \u00e0 apprendre \u00e0 reconna\u00eetre et pr\u00e9venir le leadership toxique.<\/p>\n\n\n\n<p class=\"has-secondary-color has-text-color has-link-color wp-elements-9ab710cf8c468622e0769e4dc7d6d8ac\"><\/p>\n<\/div>\n\n\n\n<figure class=\"wp-block-image size-large\"><img alt=\"\" loading=\"lazy\" decoding=\"async\" width=\"1280\" height=\"396\" src=\"https:\/\/lenalaw.be\/wp-content\/uploads\/2025\/03\/services-corporate-governance-1-1280x396.jpg\" alt=\"\" class=\"wp-image-347\" srcset=\"https:\/\/lenalaw.be\/wp-content\/uploads\/2025\/03\/services-corporate-governance-1-1280x396.jpg 1280w, https:\/\/lenalaw.be\/wp-content\/uploads\/2025\/03\/services-corporate-governance-1-760x235.jpg 760w, https:\/\/lenalaw.be\/wp-content\/uploads\/2025\/03\/services-corporate-governance-1-768x238.jpg 768w, https:\/\/lenalaw.be\/wp-content\/uploads\/2025\/03\/services-corporate-governance-1.jpg 1440w\" sizes=\"auto, (max-width: 1280px) 100vw, 1280px\" \/><\/figure>\n<\/details>\n\n\n\n<details class=\"wp-block-details is-style-animated is-layout-flow wp-block-details-is-layout-flow\"><summary><strong>M\u00e9diation<\/strong><\/summary>\n<div class=\"wp-block-group is-style-two-columns-text is-layout-flow wp-block-group-is-layout-flow\">\n<p class=\"has-secondary-color has-text-color has-link-color wp-elements-754abd625dc7c28db68c8fb3c42fb15d\">LenaLaw peut intervenir comme m\u00e9diateur dans des conflits internes, qu\u2019ils surviennent entre travailleurs ou entre la direction et les travailleurs. Cette m\u00e9diation peut, ou non, faire suite \u00e0 un audit pr\u00e9alable<\/p>\n\n\n\n<p>LenaLaw croit fortement au pouvoir du dialogue. Notre approche vise \u00e0 reconna\u00eetre et \u00e0 renforcer les qualit\u00e9s pr\u00e9cieuses de chacun. Plut\u00f4t que de r\u00e9duire les personnes \u00e0 leurs erreurs, nous d\u00e9veloppons une compr\u00e9hension partag\u00e9e et fournissons des outils pour traiter les points sensibles.<\/p>\n\n\n\n<p class=\"has-secondary-color has-text-color has-link-color wp-elements-92fa1dd68f52b5e353fa43fd1ac5ca9e\">Ce processus renforce la confiance dans le leadership \u2014 et envers le leadership \u2014 et aboutit \u00e0 un environnement de travail s\u00fbr et performant.<\/p>\n<\/div>\n\n\n\n<figure class=\"wp-block-image size-large\"><img alt=\"\" loading=\"lazy\" decoding=\"async\" width=\"1280\" height=\"396\" src=\"https:\/\/lenalaw.be\/wp-content\/uploads\/2025\/03\/services-training-1-1280x396.jpg\" alt=\"\" class=\"wp-image-349\" srcset=\"https:\/\/lenalaw.be\/wp-content\/uploads\/2025\/03\/services-training-1-1280x396.jpg 1280w, https:\/\/lenalaw.be\/wp-content\/uploads\/2025\/03\/services-training-1-760x235.jpg 760w, https:\/\/lenalaw.be\/wp-content\/uploads\/2025\/03\/services-training-1-768x238.jpg 768w, https:\/\/lenalaw.be\/wp-content\/uploads\/2025\/03\/services-training-1.jpg 1440w\" sizes=\"auto, (max-width: 1280px) 100vw, 1280px\" \/><\/figure>\n<\/details>\n\n\n\n<details class=\"wp-block-details is-style-animated is-layout-flow wp-block-details-is-layout-flow\"><summary><strong>R\u00e8glement des litiges juridiques<\/strong><\/summary>\n<div class=\"wp-block-group is-style-two-columns-text is-layout-flow wp-block-group-is-layout-flow\">\n<p class=\"has-secondary-color has-text-color has-link-color wp-elements-b5cabac6de74faaf87f33f119dcd472a\">LenaLaw garantit une assistance strat\u00e9gique, experte et adapt\u00e9e si, en tant qu\u2019entreprise ou dirigeant, vous \u00eates confront\u00e9 \u00e0 un litige juridique concret. VS Avocats dispose de plus de 30 ans d\u2019expertise et d\u2019exp\u00e9rience en mati\u00e8re de contentieux aux niveaux national et international, devant les juridictions p\u00e9nales, civiles et de l\u2019entreprise.<\/p>\n\n\n\n<p class=\"has-secondary-color has-text-color has-link-color wp-elements-45a55cdbe100d2ea13df27baf9bc738c\">L\u2019assistance juridique de VS Avocats est possible pour autant que LenaLaw n\u2019ait pas encore r\u00e9alis\u00e9 d\u2019audit proactif ou r\u00e9actif pour votre entreprise.<\/p>\n<\/div>\n\n\n\n<figure class=\"wp-block-image size-large\"><img alt=\"\" loading=\"lazy\" decoding=\"async\" width=\"1280\" height=\"396\" src=\"https:\/\/lenalaw.be\/wp-content\/uploads\/2025\/03\/services-mediation-1280x396.jpg\" alt=\"\" class=\"wp-image-351\" srcset=\"https:\/\/lenalaw.be\/wp-content\/uploads\/2025\/03\/services-mediation-1280x396.jpg 1280w, https:\/\/lenalaw.be\/wp-content\/uploads\/2025\/03\/services-mediation-760x235.jpg 760w, https:\/\/lenalaw.be\/wp-content\/uploads\/2025\/03\/services-mediation-768x238.jpg 768w, https:\/\/lenalaw.be\/wp-content\/uploads\/2025\/03\/services-mediation.jpg 1440w\" sizes=\"auto, (max-width: 1280px) 100vw, 1280px\" \/><\/figure>\n<\/details>\n<\/div>\n<\/section>\n\n\n\n<section class=\"wp-block-group alignfull is-style-section has-light-background-color has-background has-global-padding is-layout-constrained wp-block-group-is-layout-constrained\" id=\"team\"><div class=\"custom-wp-block-separator alignwide has-primary-color\"><hr><\/div>\n\n\n<div class=\"wp-block-group alignwide is-content-justification-left is-nowrap is-layout-flex wp-container-core-group-is-layout-fc9f69e7 wp-block-group-is-layout-flex\">\n<div class=\"wp-block-group is-layout-flow wp-block-group-is-layout-flow\">\n<h2 class=\"wp-block-heading has-text-align-left has-primary-color has-text-color has-link-color has-extra-huge-font-size wp-elements-1b4afc62a3a114d55763a25a83c5189b\" style=\"font-style:normal;font-weight:600\">Notre \u00e9quipe<\/h2>\n\n\n\n<p class=\"has-text-align-left has-primary-color has-text-color has-link-color has-x-large-font-size wp-elements-f3ecf736238d1396444a67feea975b25\" style=\"font-style:normal;font-weight:500;line-height:1.3\">Collaborez avec des experts qui allient expertise juridique et approche humaine pour des lieux de travail \u00e9thiques.<\/p>\n<\/div>\n<\/div>\n\n\n\n<div class=\"wp-block-group alignwide is-layout-flow wp-block-group-is-layout-flow\">\n    <div class=\"team-collection\">\n                    <div class=\"team-item\">\n                <a href=\"https:\/\/lenalaw.be\/fr\/team\/christine-mussche\/\" class=\"team-item__link fancybox-trigger\" data-fancybox\n                   data-src=\"#christine-mussche\">\n                                            <picture class=\"team-item__picture\">\n                            <source media=\"(min-width:900px)\" srcset=\"https:\/\/lenalaw.be\/wp-content\/uploads\/2025\/03\/christine-musschepic-320x420-c-default.webp\">\n                            <img decoding=\"async\" src=\"https:\/\/lenalaw.be\/wp-content\/uploads\/2025\/03\/christine-musschepic-160x210-c-default.webp\" alt=\"Christine Mussche\"\/>\n                        <\/picture>\n                                        <div class=\"team-item__text\">\n                        <div class=\"team-item__text-inner\">\n                            <h3 class=\"team-item__name\">\n                                Christine Mussche\n                            <\/h3>\n                                                                                        <p class=\"team-item__job-position\">Associ\u00e9e<\/p>\n                                                    <\/div>\n                    <\/div>\n                <\/a>\n                <div class=\"team-item-popup\" id=\"christine-mussche\">\n                    <div class=\"team-item-popup__inner\">\n                        <div class=\"team-item-popup__col-left\">\n                                                            <div class=\"post-item__thumb\">\n                                    <picture>\n                                        <source media=\"(min-width:900px)\"\n                                                srcset=\"https:\/\/lenalaw.be\/wp-content\/uploads\/2025\/03\/christine-musschepic-320x420-c-default.webp\">\n                                        <img decoding=\"async\" src=\"https:\/\/lenalaw.be\/wp-content\/uploads\/2025\/03\/christine-musschepic-320x420-c-default.webp\"\n                                             alt=\"Christine Mussche\"\/>\n                                    <\/picture>\n                                <\/div>\n                                                                                                            <\/div>\n                        <div class=\"team-item-popup__col-right\">\n                            <h2 class=\"team-item-popup__name\">\n                                Christine Mussche\n                            <\/h2>\n                                                            <p class=\"team-item-popup__job-position\">Associ\u00e9e<\/p>\n                                                                                                                <div class=\"team-item-popup__content\">\n                                <p>Au sein de LenaLaw, Christine Mussche assure la direction g\u00e9n\u00e9rale avec An-Sofie Raes.<\/p>\n<p>Christine fait autorit\u00e9 en mati\u00e8re de bien-\u00eatre mental et social. Au fil de 40 ann\u00e9es d\u2019exercice de haut niveau, elle s\u2019est impos\u00e9e comme sp\u00e9cialiste du droit p\u00e9nal, avec un accent sur les aspects humains et issus des sciences du comportement.<\/p>\n<p>Avec An-Sofie Raes, Christine dirige au sein de VS Avocats la cellule d\u00e9di\u00e9e aux comportements transgressifs, \u00e0 la discipline, aux d\u00e9lits sexuels et aux faits d\u2019agression. Elle dispose d\u2019une vaste expertise en m\u00e9diation et cherche, dans chaque dossier, une solution constructive. Christine s\u2019appuie sur un r\u00e9seau \u00e9tendu d\u2019experts en sciences du comportement. Int\u00e9grit\u00e9, authenticit\u00e9 et rigueur sont ses atouts.<\/p>\n\n                            <\/div>\n                        <\/div>\n                    <\/div>\n\n                <\/div>\n            <\/div>\n\n                    <div class=\"team-item\">\n                <a href=\"https:\/\/lenalaw.be\/fr\/team\/an-sofie-raes\/\" class=\"team-item__link fancybox-trigger\" data-fancybox\n                   data-src=\"#an-sofie-raes\">\n                                            <picture class=\"team-item__picture\">\n                            <source media=\"(min-width:900px)\" srcset=\"https:\/\/lenalaw.be\/wp-content\/uploads\/2025\/03\/an-sofie-pic-320x420-c-default.webp\">\n                            <img decoding=\"async\" src=\"https:\/\/lenalaw.be\/wp-content\/uploads\/2025\/03\/an-sofie-pic-160x210-c-default.webp\" alt=\"An-Sofie Raes\"\/>\n                        <\/picture>\n                                        <div class=\"team-item__text\">\n                        <div class=\"team-item__text-inner\">\n                            <h3 class=\"team-item__name\">\n                                An-Sofie Raes\n                            <\/h3>\n                                                                                        <p class=\"team-item__job-position\">Associ\u00e9e<\/p>\n                                                    <\/div>\n                    <\/div>\n                <\/a>\n                <div class=\"team-item-popup\" id=\"an-sofie-raes\">\n                    <div class=\"team-item-popup__inner\">\n                        <div class=\"team-item-popup__col-left\">\n                                                            <div class=\"post-item__thumb\">\n                                    <picture>\n                                        <source media=\"(min-width:900px)\"\n                                                srcset=\"https:\/\/lenalaw.be\/wp-content\/uploads\/2025\/03\/an-sofie-pic-320x420-c-default.webp\">\n                                        <img decoding=\"async\" src=\"https:\/\/lenalaw.be\/wp-content\/uploads\/2025\/03\/an-sofie-pic-320x420-c-default.webp\"\n                                             alt=\"An-Sofie Raes\"\/>\n                                    <\/picture>\n                                <\/div>\n                                                                                                            <\/div>\n                        <div class=\"team-item-popup__col-right\">\n                            <h2 class=\"team-item-popup__name\">\n                                An-Sofie Raes\n                            <\/h2>\n                                                            <p class=\"team-item-popup__job-position\">Associ\u00e9e<\/p>\n                                                                                                                <div class=\"team-item-popup__content\">\n                                <p>Au sein de LenaLaw, An-Sofie Raes pilote les dossiers ax\u00e9s sur un leadership int\u00e8gre et une culture de travail s\u00fbre.<\/p>\n<p>Chez VS Avocats, elle est le bras droit de Christine Mussche, avec qui elle forme un tandem depuis de nombreuses ann\u00e9es.<\/p>\n<p>An-Sofie met tout en \u0153uvre pour obtenir une vision globale et pr\u00e9cise des probl\u00e9matiques. Aucun effort n\u2019est de trop pour remonter aux causes des comportements inacceptables et comprendre la personne derri\u00e8re les faits, dans une perspective de r\u00e9habilitation et de r\u00e9paration. Elle s\u2019appuie pour cela sur une solide connaissance du droit p\u00e9nal, de la l\u00e9gislation relative au bien-\u00eatre et des sciences forensiques. Elle est reconnue pour sa rigueur, son efficacit\u00e9, sa clart\u00e9 et sa d\u00e9termination.<\/p>\n<p>En cas de conflit devant les tribunaux, An-Sofie est une excellente plaideuse, enti\u00e8rement engag\u00e9e pour ses clients. Elle est intervenue avec succ\u00e8s, avec Christine Mussche, dans de nombreux dossiers d\u2019importance soci\u00e9tale.<\/p>\n\n                            <\/div>\n                        <\/div>\n                    <\/div>\n\n                <\/div>\n            <\/div>\n\n                    <div class=\"team-item\">\n                <a href=\"https:\/\/lenalaw.be\/fr\/team\/esther-theyskens\/\" class=\"team-item__link fancybox-trigger\" data-fancybox\n                   data-src=\"#esther-theyskens\">\n                                            <picture class=\"team-item__picture\">\n                            <source media=\"(min-width:900px)\" srcset=\"https:\/\/lenalaw.be\/wp-content\/uploads\/2025\/03\/esther-theyskens-320x420-c-default.webp\">\n                            <img decoding=\"async\" src=\"https:\/\/lenalaw.be\/wp-content\/uploads\/2025\/03\/esther-theyskens-160x210-c-default.webp\" alt=\"Esther Theyskens\"\/>\n                        <\/picture>\n                                        <div class=\"team-item__text\">\n                        <div class=\"team-item__text-inner\">\n                            <h3 class=\"team-item__name\">\n                                Esther Theyskens\n                            <\/h3>\n                                                                                        <p class=\"team-item__job-position\">Associ\u00e9e<\/p>\n                                                    <\/div>\n                    <\/div>\n                <\/a>\n                <div class=\"team-item-popup\" id=\"esther-theyskens\">\n                    <div class=\"team-item-popup__inner\">\n                        <div class=\"team-item-popup__col-left\">\n                                                            <div class=\"post-item__thumb\">\n                                    <picture>\n                                        <source media=\"(min-width:900px)\"\n                                                srcset=\"https:\/\/lenalaw.be\/wp-content\/uploads\/2025\/03\/esther-theyskens-320x420-c-default.webp\">\n                                        <img decoding=\"async\" src=\"https:\/\/lenalaw.be\/wp-content\/uploads\/2025\/03\/esther-theyskens-320x420-c-default.webp\"\n                                             alt=\"Esther Theyskens\"\/>\n                                    <\/picture>\n                                <\/div>\n                                                                                                            <\/div>\n                        <div class=\"team-item-popup__col-right\">\n                            <h2 class=\"team-item-popup__name\">\n                                Esther Theyskens\n                            <\/h2>\n                                                            <p class=\"team-item-popup__job-position\">Associ\u00e9e<\/p>\n                                                                                                                <div class=\"team-item-popup__content\">\n                                <p>Au sein de LenaLaw, Esther Theyskens g\u00e8re les dossiers relatifs aux responsabilit\u00e9s des entreprises et de leurs dirigeants au sens le plus large.<\/p>\n<p>Chez VS Avocats, elle est reconnue comme sp\u00e9cialiste du droit p\u00e9nal de l\u2019entreprise et s\u2019est, au fil des ann\u00e9es, concentr\u00e9e sur les diff\u00e9rents aspects de la responsabilit\u00e9 p\u00e9nale des soci\u00e9t\u00e9s et de leurs administrateurs.<\/p>\n<p>Esther a auparavant travaill\u00e9 chez A&amp;O Shearman et, apr\u00e8s une formation aux \u00c9tats-Unis, est \u00e9galement devenue membre du barreau de New York. Elle s\u2019est notamment sp\u00e9cialis\u00e9e dans la protection internationale des droits humains et a fait partie du Tribunal Turquie \u00e0 Gen\u00e8ve.<\/p>\n<p>Depuis plusieurs ann\u00e9es, Esther est une partenaire de plaidoirie r\u00e9guli\u00e8re de Walter Van Steenbrugge, avec qui elle a construit un palmar\u00e8s riche et solide.<\/p>\n\n                            <\/div>\n                        <\/div>\n                    <\/div>\n\n                <\/div>\n            <\/div>\n\n                    <div class=\"team-item\">\n                <a href=\"https:\/\/lenalaw.be\/fr\/team\/sarah-roobrouck\/\" class=\"team-item__link fancybox-trigger\" data-fancybox\n                   data-src=\"#sarah-roobrouck\">\n                                            <picture class=\"team-item__picture\">\n                            <source media=\"(min-width:900px)\" srcset=\"https:\/\/lenalaw.be\/wp-content\/uploads\/2025\/03\/sarah-roobrouck-320x420-c-default.webp\">\n                            <img decoding=\"async\" src=\"https:\/\/lenalaw.be\/wp-content\/uploads\/2025\/03\/sarah-roobrouck-160x210-c-default.webp\" alt=\"Sarah Roobrouck\"\/>\n                        <\/picture>\n                                        <div class=\"team-item__text\">\n                        <div class=\"team-item__text-inner\">\n                            <h3 class=\"team-item__name\">\n                                Sarah Roobrouck\n                            <\/h3>\n                                                                                        <p class=\"team-item__job-position\">Collaboratrice senior<\/p>\n                                                    <\/div>\n                    <\/div>\n                <\/a>\n                <div class=\"team-item-popup\" id=\"sarah-roobrouck\">\n                    <div class=\"team-item-popup__inner\">\n                        <div class=\"team-item-popup__col-left\">\n                                                            <div class=\"post-item__thumb\">\n                                    <picture>\n                                        <source media=\"(min-width:900px)\"\n                                                srcset=\"https:\/\/lenalaw.be\/wp-content\/uploads\/2025\/03\/sarah-roobrouck-320x420-c-default.webp\">\n                                        <img decoding=\"async\" src=\"https:\/\/lenalaw.be\/wp-content\/uploads\/2025\/03\/sarah-roobrouck-320x420-c-default.webp\"\n                                             alt=\"Sarah Roobrouck\"\/>\n                                    <\/picture>\n                                <\/div>\n                                                                                                            <\/div>\n                        <div class=\"team-item-popup__col-right\">\n                            <h2 class=\"team-item-popup__name\">\n                                Sarah Roobrouck\n                            <\/h2>\n                                                            <p class=\"team-item-popup__job-position\">Collaboratrice senior<\/p>\n                                                                                                                <div class=\"team-item-popup__content\">\n                                <p>Au sein de LenaLaw, Sarah Roobrouck se concentre, avec Esther Theyskens, sur des dossiers relatifs aux responsabilit\u00e9s des entreprises et de leurs dirigeants.<\/p>\n<p>Chez VS Avocats, Sarah couvre plusieurs branches du droit p\u00e9nal. Sa ma\u00eetrise du droit des soci\u00e9t\u00e9s et du droit p\u00e9nal lui permet d\u2019intervenir dans des dossiers \u00e0 forte dimension multidisciplinaire, souvent internationale, o\u00f9 son exp\u00e9rience et ses capacit\u00e9s d\u2019analyse constituent un atout majeur.<\/p>\n<p>Sarah a auparavant travaill\u00e9 chez Eubelius et forme souvent, chez VS Avocats, un duo avec Walter Van Steenbrugge dans des litiges caract\u00e9ris\u00e9s par des aspects financiers et forensiques complexes.<\/p>\n\n                            <\/div>\n                        <\/div>\n                    <\/div>\n\n                <\/div>\n            <\/div>\n\n                    <div class=\"team-item\">\n                <a href=\"https:\/\/lenalaw.be\/fr\/team\/pieter-bram-lagae\/\" class=\"team-item__link fancybox-trigger\" data-fancybox\n                   data-src=\"#pieter-bram-lagae\">\n                                            <picture class=\"team-item__picture\">\n                            <source media=\"(min-width:900px)\" srcset=\"https:\/\/lenalaw.be\/wp-content\/uploads\/2025\/03\/pierter-pic-320x420-c-default.webp\">\n                            <img decoding=\"async\" src=\"https:\/\/lenalaw.be\/wp-content\/uploads\/2025\/03\/pierter-pic-160x210-c-default.webp\" alt=\"Pieter-Bram Lagae\"\/>\n                        <\/picture>\n                                        <div class=\"team-item__text\">\n                        <div class=\"team-item__text-inner\">\n                            <h3 class=\"team-item__name\">\n                                Pieter-Bram Lagae\n                            <\/h3>\n                                                                                        <p class=\"team-item__job-position\">Counsel <\/p>\n                                                    <\/div>\n                    <\/div>\n                <\/a>\n                <div class=\"team-item-popup\" id=\"pieter-bram-lagae\">\n                    <div class=\"team-item-popup__inner\">\n                        <div class=\"team-item-popup__col-left\">\n                                                            <div class=\"post-item__thumb\">\n                                    <picture>\n                                        <source media=\"(min-width:900px)\"\n                                                srcset=\"https:\/\/lenalaw.be\/wp-content\/uploads\/2025\/03\/pierter-pic-320x420-c-default.webp\">\n                                        <img decoding=\"async\" src=\"https:\/\/lenalaw.be\/wp-content\/uploads\/2025\/03\/pierter-pic-320x420-c-default.webp\"\n                                             alt=\"Pieter-Bram Lagae\"\/>\n                                    <\/picture>\n                                <\/div>\n                                                                                                            <\/div>\n                        <div class=\"team-item-popup__col-right\">\n                            <h2 class=\"team-item-popup__name\">\n                                Pieter-Bram Lagae\n                            <\/h2>\n                                                            <p class=\"team-item-popup__job-position\">Counsel <\/p>\n                                                                                                                <div class=\"team-item-popup__content\">\n                                <p>Au sein de LenaLaw, Pieter-Bram Lagae se concentre sur l\u2019audit et la m\u00e9diation.<\/p>\n<p>Pieter-Bram est counsel chez VS Avocats et m\u00e9diateur agr\u00e9\u00e9.<\/p>\n<p>Il est connu comme sp\u00e9cialiste des droits humains, d\u00e9fenseur du climat et des droits des minorit\u00e9s. Pendant pr\u00e8s de quinze ans, il a \u00e9t\u00e9 la force motrice du dossier relatif aux abus sexuels sur mineurs au sein de l\u2019\u00c9glise catholique. Ces derni\u00e8res ann\u00e9es, il a \u00e9largi son champ d\u2019action au bien-\u00eatre social et mental au travail.<\/p>\n<p>Pieter-Bram privil\u00e9gie une approche r\u00e9solument humaine, ax\u00e9e sur la cr\u00e9ation de ponts et la pr\u00e9vention des conflits.<\/p>\n<p>Jana Riemslagh \u2014 Collaboratrice senior<\/p>\n<p>Au sein de LenaLaw, Jana Riemslagh traite, avec An-Sofie Raes, des dossiers ax\u00e9s sur un leadership int\u00e8gre et une culture de travail s\u00fbre.<\/p>\n<p>Jana est devenue une avocate indispensable chez VS Avocats. Elle illustre l\u2019approche multidisciplinaire des probl\u00e9matiques p\u00e9nales. Au fil des ann\u00e9es, elle a travaill\u00e9 avec Christine Mussche et Walter Van Steenbrugge, couvrant ainsi tant le domaine de la \u00ab d\u00e9fense \u00bb que celui de l\u2019\u00ab avocat de la victime \u00bb.<\/p>\n<p>Outre une grande efficacit\u00e9 et rapidit\u00e9 d\u2019action, Jana est reconnue pour sa volont\u00e9 constante de se perfectionner et d\u2019emmener le cabinet dans cette dynamique. \u00c0 cet \u00e9gard, il est r\u00e9v\u00e9lateur qu\u2019elle suive actuellement une formation universitaire compl\u00e9mentaire en psychologie clinique, afin de mieux comprendre les m\u00e9canismes psychiques \u00e0 l\u2019origine de comportements inacceptables.<\/p>\n\n                            <\/div>\n                        <\/div>\n                    <\/div>\n\n                <\/div>\n            <\/div>\n\n                    <div class=\"team-item\">\n                <a href=\"https:\/\/lenalaw.be\/fr\/team\/jana-riemslagh\/\" class=\"team-item__link fancybox-trigger\" data-fancybox\n                   data-src=\"#jana-riemslagh\">\n                                            <picture class=\"team-item__picture\">\n                            <source media=\"(min-width:900px)\" srcset=\"https:\/\/lenalaw.be\/wp-content\/uploads\/2025\/03\/jana-riemslagh-pic-320x420-c-default.webp\">\n                            <img decoding=\"async\" src=\"https:\/\/lenalaw.be\/wp-content\/uploads\/2025\/03\/jana-riemslagh-pic-160x210-c-default.webp\" alt=\"Jana Riemslagh\"\/>\n                        <\/picture>\n                                        <div class=\"team-item__text\">\n                        <div class=\"team-item__text-inner\">\n                            <h3 class=\"team-item__name\">\n                                Jana Riemslagh\n                            <\/h3>\n                                                                                        <p class=\"team-item__job-position\">Collaboratrice senior<\/p>\n                                                    <\/div>\n                    <\/div>\n                <\/a>\n                <div class=\"team-item-popup\" id=\"jana-riemslagh\">\n                    <div class=\"team-item-popup__inner\">\n                        <div class=\"team-item-popup__col-left\">\n                                                            <div class=\"post-item__thumb\">\n                                    <picture>\n                                        <source media=\"(min-width:900px)\"\n                                                srcset=\"https:\/\/lenalaw.be\/wp-content\/uploads\/2025\/03\/jana-riemslagh-pic-320x420-c-default.webp\">\n                                        <img decoding=\"async\" src=\"https:\/\/lenalaw.be\/wp-content\/uploads\/2025\/03\/jana-riemslagh-pic-320x420-c-default.webp\"\n                                             alt=\"Jana Riemslagh\"\/>\n                                    <\/picture>\n                                <\/div>\n                                                                                                            <\/div>\n                        <div class=\"team-item-popup__col-right\">\n                            <h2 class=\"team-item-popup__name\">\n                                Jana Riemslagh\n                            <\/h2>\n                                                            <p class=\"team-item-popup__job-position\">Collaboratrice senior<\/p>\n                                                                                                                <div class=\"team-item-popup__content\">\n                                <p>Au sein de LenaLaw, Jana Riemslagh traite, avec An-Sofie Raes, des dossiers ax\u00e9s sur un leadership int\u00e8gre et une culture de travail s\u00fbre.<\/p>\n<p>Jana est devenue une avocate indispensable chez VS Avocats. Elle illustre l\u2019approche multidisciplinaire des probl\u00e9matiques p\u00e9nales. Au fil des ann\u00e9es, elle a travaill\u00e9 avec Christine Mussche et Walter Van Steenbrugge, couvrant ainsi tant le domaine de la \u00ab d\u00e9fense \u00bb que celui de l\u2019\u00ab avocat de la victime \u00bb.<\/p>\n<p>Outre une grande efficacit\u00e9 et rapidit\u00e9 d\u2019action, Jana est reconnue pour sa volont\u00e9 constante de se perfectionner et d\u2019emmener le cabinet dans cette dynamique. \u00c0 cet \u00e9gard, il est r\u00e9v\u00e9lateur qu\u2019elle suive actuellement une formation universitaire compl\u00e9mentaire en psychologie clinique, afin de mieux comprendre les m\u00e9canismes psychiques \u00e0 l\u2019origine de comportements inacceptables.<\/p>\n\n                            <\/div>\n                        <\/div>\n                    <\/div>\n\n                <\/div>\n            <\/div>\n\n                    <div class=\"team-item\">\n                <a href=\"https:\/\/lenalaw.be\/fr\/team\/sarah-vanneste\/\" class=\"team-item__link fancybox-trigger\" data-fancybox\n                   data-src=\"#sarah-vanneste\">\n                                            <picture class=\"team-item__picture\">\n                            <source media=\"(min-width:900px)\" srcset=\"https:\/\/lenalaw.be\/wp-content\/uploads\/2024\/12\/sarah-vanneste-320x420-c-default.webp\">\n                            <img decoding=\"async\" src=\"https:\/\/lenalaw.be\/wp-content\/uploads\/2024\/12\/sarah-vanneste-160x210-c-default.webp\" alt=\"Sarah Vanneste\"\/>\n                        <\/picture>\n                                        <div class=\"team-item__text\">\n                        <div class=\"team-item__text-inner\">\n                            <h3 class=\"team-item__name\">\n                                Sarah Vanneste\n                            <\/h3>\n                                                                                        <p class=\"team-item__job-position\">Collaboratrice senior<\/p>\n                                                    <\/div>\n                    <\/div>\n                <\/a>\n                <div class=\"team-item-popup\" id=\"sarah-vanneste\">\n                    <div class=\"team-item-popup__inner\">\n                        <div class=\"team-item-popup__col-left\">\n                                                            <div class=\"post-item__thumb\">\n                                    <picture>\n                                        <source media=\"(min-width:900px)\"\n                                                srcset=\"https:\/\/lenalaw.be\/wp-content\/uploads\/2024\/12\/sarah-vanneste-320x420-c-default.webp\">\n                                        <img decoding=\"async\" src=\"https:\/\/lenalaw.be\/wp-content\/uploads\/2024\/12\/sarah-vanneste-320x420-c-default.webp\"\n                                             alt=\"Sarah Vanneste\"\/>\n                                    <\/picture>\n                                <\/div>\n                                                                                                            <\/div>\n                        <div class=\"team-item-popup__col-right\">\n                            <h2 class=\"team-item-popup__name\">\n                                Sarah Vanneste\n                            <\/h2>\n                                                            <p class=\"team-item-popup__job-position\">Collaboratrice senior<\/p>\n                                                                                                                <div class=\"team-item-popup__content\">\n                                <p>Au sein de LenaLaw, Sarah Vanneste se concentre, avec Esther Theyskens, sur des dossiers relatifs aux responsabilit\u00e9s des entreprises et de leurs dirigeants.<\/p>\n<p>Sarah dirige, avec Dean Braeckman, l\u2019\u00e9quipe \u00ab entreprises \u00bb de VS Avocats. Elle dispose d\u2019une expertise particuli\u00e8re en litiges de droit des soci\u00e9t\u00e9s, accompagne des acquisitions et des fusions, et est sp\u00e9cialiste de la responsabilit\u00e9 civile des soci\u00e9t\u00e9s et de leurs administrateurs. Elle a en outre acquis, chez A&amp;O Shearman, une large exp\u00e9rience dans l\u2019ex\u00e9cution d\u2019audits visant des lacunes dans l\u2019organisation d\u2019entreprise.<\/p>\n<p>Elle est convaincue que, m\u00eame en droit commercial, la synergie entre une connaissance juridique technique approfondie et l\u2019empathie est essentielle.<\/p>\n\n                            <\/div>\n                        <\/div>\n                    <\/div>\n\n                <\/div>\n            <\/div>\n\n                    <div class=\"team-item\">\n                <a href=\"https:\/\/lenalaw.be\/fr\/team\/quinten-de-keersmaecker\/\" class=\"team-item__link fancybox-trigger\" data-fancybox\n                   data-src=\"#quinten-de-keersmaecker\">\n                                            <picture class=\"team-item__picture\">\n                            <source media=\"(min-width:900px)\" srcset=\"https:\/\/lenalaw.be\/wp-content\/uploads\/2025\/03\/quinten-de-keersmaeckerpic-320x420-c-default.webp\">\n                            <img decoding=\"async\" src=\"https:\/\/lenalaw.be\/wp-content\/uploads\/2025\/03\/quinten-de-keersmaeckerpic-160x210-c-default.webp\" alt=\"Quinten De Keersmaecker\"\/>\n                        <\/picture>\n                                        <div class=\"team-item__text\">\n                        <div class=\"team-item__text-inner\">\n                            <h3 class=\"team-item__name\">\n                                Quinten De Keersmaecker\n                            <\/h3>\n                                                                                        <p class=\"team-item__job-position\">Collaborateur senior<\/p>\n                                                    <\/div>\n                    <\/div>\n                <\/a>\n                <div class=\"team-item-popup\" id=\"quinten-de-keersmaecker\">\n                    <div class=\"team-item-popup__inner\">\n                        <div class=\"team-item-popup__col-left\">\n                                                            <div class=\"post-item__thumb\">\n                                    <picture>\n                                        <source media=\"(min-width:900px)\"\n                                                srcset=\"https:\/\/lenalaw.be\/wp-content\/uploads\/2025\/03\/quinten-de-keersmaeckerpic-320x420-c-default.webp\">\n                                        <img decoding=\"async\" src=\"https:\/\/lenalaw.be\/wp-content\/uploads\/2025\/03\/quinten-de-keersmaeckerpic-320x420-c-default.webp\"\n                                             alt=\"Quinten De Keersmaecker\"\/>\n                                    <\/picture>\n                                <\/div>\n                                                                                                            <\/div>\n                        <div class=\"team-item-popup__col-right\">\n                            <h2 class=\"team-item-popup__name\">\n                                Quinten De Keersmaecker\n                            <\/h2>\n                                                            <p class=\"team-item-popup__job-position\">Collaborateur senior<\/p>\n                                                                                                                <div class=\"team-item-popup__content\">\n                                <p>Au sein de LenaLaw, Quinten De Keersmaecker se concentre, avec Esther Theyskens, sur des dossiers relatifs aux responsabilit\u00e9s des entreprises et de leurs dirigeants.<\/p>\n<p>Quinten dispose d\u2019une solide exp\u00e9rience lui permettant d\u2019appr\u00e9hender des dossiers d\u2019une ampleur et d\u2019une complexit\u00e9 particuli\u00e8res. Sa connaissance pointue, son sens du r\u00e9sultat et son efficacit\u00e9 se distinguent, tout comme sa qualit\u00e9 de r\u00e9daction de conclusions et sa capacit\u00e9 \u00e0 formuler des arguments avec force et \u00e9l\u00e9gance.<\/p>\n<p>Apr\u00e8s une formation aux \u00c9tats-Unis, Quinten est devenu membre du barreau de New York. Il a auparavant travaill\u00e9 au cabinet international Cleary Gottlieb Steen &amp; Hamilton et plaide fr\u00e9quemment pour les plus d\u00e9munis et pour des personnes en situation de vuln\u00e9rabilit\u00e9 psychique.<\/p>\n\n                            <\/div>\n                        <\/div>\n                    <\/div>\n\n                <\/div>\n            <\/div>\n\n                    <div class=\"team-item\">\n                <a href=\"https:\/\/lenalaw.be\/fr\/team\/melanie-de-coster\/\" class=\"team-item__link fancybox-trigger\" data-fancybox\n                   data-src=\"#melanie-de-coster\">\n                                            <picture class=\"team-item__picture\">\n                            <source media=\"(min-width:900px)\" srcset=\"https:\/\/lenalaw.be\/wp-content\/uploads\/2025\/03\/melanie-de-coster-pic-320x420-c-default.webp\">\n                            <img decoding=\"async\" src=\"https:\/\/lenalaw.be\/wp-content\/uploads\/2025\/03\/melanie-de-coster-pic-160x210-c-default.webp\" alt=\"Melanie De Coster\"\/>\n                        <\/picture>\n                                        <div class=\"team-item__text\">\n                        <div class=\"team-item__text-inner\">\n                            <h3 class=\"team-item__name\">\n                                Melanie De Coster\n                            <\/h3>\n                                                                                        <p class=\"team-item__job-position\">COO<\/p>\n                                                    <\/div>\n                    <\/div>\n                <\/a>\n                <div class=\"team-item-popup\" id=\"melanie-de-coster\">\n                    <div class=\"team-item-popup__inner\">\n                        <div class=\"team-item-popup__col-left\">\n                                                            <div class=\"post-item__thumb\">\n                                    <picture>\n                                        <source media=\"(min-width:900px)\"\n                                                srcset=\"https:\/\/lenalaw.be\/wp-content\/uploads\/2025\/03\/melanie-de-coster-pic-320x420-c-default.webp\">\n                                        <img decoding=\"async\" src=\"https:\/\/lenalaw.be\/wp-content\/uploads\/2025\/03\/melanie-de-coster-pic-320x420-c-default.webp\"\n                                             alt=\"Melanie De Coster\"\/>\n                                    <\/picture>\n                                <\/div>\n                                                                                                            <\/div>\n                        <div class=\"team-item-popup__col-right\">\n                            <h2 class=\"team-item-popup__name\">\n                                Melanie De Coster\n                            <\/h2>\n                                                            <p class=\"team-item-popup__job-position\">COO<\/p>\n                                                                                                                <div class=\"team-item-popup__content\">\n                                \n                            <\/div>\n                        <\/div>\n                    <\/div>\n\n                <\/div>\n            <\/div>\n\n                    <div class=\"team-item\">\n                <a href=\"https:\/\/lenalaw.be\/fr\/team\/jeroen-adams\/\" class=\"team-item__link fancybox-trigger\" data-fancybox\n                   data-src=\"#jeroen-adams\">\n                                            <picture class=\"team-item__picture\">\n                            <source media=\"(min-width:900px)\" srcset=\"https:\/\/lenalaw.be\/wp-content\/uploads\/2025\/03\/jeroen-adams-pic-320x420-c-default.webp\">\n                            <img decoding=\"async\" src=\"https:\/\/lenalaw.be\/wp-content\/uploads\/2025\/03\/jeroen-adams-pic-160x210-c-default.webp\" alt=\"Jeroen Adams\"\/>\n                        <\/picture>\n                                        <div class=\"team-item__text\">\n                        <div class=\"team-item__text-inner\">\n                            <h3 class=\"team-item__name\">\n                                Jeroen Adams\n                            <\/h3>\n                                                                                        <p class=\"team-item__job-position\">Assistant juridique<\/p>\n                                                    <\/div>\n                    <\/div>\n                <\/a>\n                <div class=\"team-item-popup\" id=\"jeroen-adams\">\n                    <div class=\"team-item-popup__inner\">\n                        <div class=\"team-item-popup__col-left\">\n                                                            <div class=\"post-item__thumb\">\n                                    <picture>\n                                        <source media=\"(min-width:900px)\"\n                                                srcset=\"https:\/\/lenalaw.be\/wp-content\/uploads\/2025\/03\/jeroen-adams-pic-320x420-c-default.webp\">\n                                        <img decoding=\"async\" src=\"https:\/\/lenalaw.be\/wp-content\/uploads\/2025\/03\/jeroen-adams-pic-320x420-c-default.webp\"\n                                             alt=\"Jeroen Adams\"\/>\n                                    <\/picture>\n                                <\/div>\n                                                                                                            <\/div>\n                        <div class=\"team-item-popup__col-right\">\n                            <h2 class=\"team-item-popup__name\">\n                                Jeroen Adams\n                            <\/h2>\n                                                            <p class=\"team-item-popup__job-position\">Assistant juridique<\/p>\n                                                                                                                <div class=\"team-item-popup__content\">\n                                \n                            <\/div>\n                        <\/div>\n                    <\/div>\n\n                <\/div>\n            <\/div>\n\n            <\/div>\n    <script>\n        document.addEventListener(\"DOMContentLoaded\", function () {\n            Fancybox.bind(\".fancybox-trigger\", {\n                \/\/ Optional configurations\n                dragToClose: false,\n                autoFocus: true,\n                placeFocusBack: true,\n                groupAll: true,\n                Thumbs: false\n            });\n        });\n    <\/script>\n<\/div>\n<\/section>\n\n\n\n<section class=\"wp-block-group alignfull is-style-section has-gray-light-background-color has-background has-global-padding is-layout-constrained wp-block-group-is-layout-constrained\" id=\"contact\"><div class=\"custom-wp-block-separator alignwide has-primary-color\"><hr><\/div>\n\n\n<div class=\"wp-block-group alignwide is-vertical is-layout-flex wp-container-core-group-is-layout-fe9cc265 wp-block-group-is-layout-flex\">\n<div class=\"wp-block-group is-layout-flow wp-block-group-is-layout-flow\">\n<h2 class=\"wp-block-heading has-primary-color has-text-color has-link-color has-huge-font-size wp-elements-b7c13caa16b2de19685c72772ec6290f\" style=\"font-style:normal;font-weight:500\">Contactez-nous<\/h2>\n\n\n\n<p class=\"has-primary-color has-text-color has-link-color has-x-large-font-size wp-elements-7fd5fe3a7b2965bc3529029c96dd0710\" style=\"font-style:normal;font-weight:500;line-height:1.3\">N\u2019h\u00e9sitez pas \u00e0 nous contacter via le formulaire ci-dessous. Laissez vos coordonn\u00e9es et votre message. Nous reviendrons vers vous dans les plus brefs d\u00e9lais.<\/p>\n<\/div>\n<\/div>\n\n\n\n<div class=\"wp-block-group alignwide is-layout-flow wp-block-group-is-layout-flow\" style=\"padding-top:var(--wp--preset--spacing--30)\">\n<div class=\"wp-block-contact-form-7-contact-form-selector\">\n<div class=\"wpcf7 no-js\" id=\"wpcf7-f491-o1\" lang=\"fr-FR\" dir=\"ltr\" data-wpcf7-id=\"491\">\n<div class=\"screen-reader-response\"><p role=\"status\" aria-live=\"polite\" aria-atomic=\"true\"><\/p> <ul><\/ul><\/div>\n<form action=\"\/fr\/wp-json\/wp\/v2\/pages\/433#wpcf7-f491-o1\" method=\"post\" class=\"wpcf7-form init\" aria-label=\"Formulaire de contact\" novalidate=\"novalidate\" data-status=\"init\">\n<fieldset class=\"hidden-fields-container\"><input type=\"hidden\" name=\"_wpcf7\" value=\"491\" \/><input type=\"hidden\" name=\"_wpcf7_version\" value=\"6.1.4\" \/><input type=\"hidden\" name=\"_wpcf7_locale\" value=\"fr_FR\" \/><input type=\"hidden\" name=\"_wpcf7_unit_tag\" value=\"wpcf7-f491-o1\" \/><input type=\"hidden\" name=\"_wpcf7_container_post\" value=\"0\" \/><input type=\"hidden\" name=\"_wpcf7_posted_data_hash\" value=\"\" \/>\n<\/fieldset>\n<div class=\"form-field\">\n\t<span class=\"wpcf7-form-control-wrap\" data-name=\"name-surname\"><input size=\"40\" maxlength=\"400\" class=\"wpcf7-form-control wpcf7-text wpcf7-validates-as-required\" id=\"name-surname\" aria-required=\"true\" aria-invalid=\"false\" placeholder=\"Nom\" value=\"\" type=\"text\" name=\"name-surname\" \/><\/span>\n<\/div>\n<div class=\"form-field\">\n\t<span class=\"wpcf7-form-control-wrap\" data-name=\"company\"><input size=\"40\" maxlength=\"400\" class=\"wpcf7-form-control wpcf7-text wpcf7-validates-as-required\" id=\"company\" aria-required=\"true\" aria-invalid=\"false\" placeholder=\"Enterprise\" value=\"\" type=\"text\" name=\"company\" \/><\/span>\n<\/div>\n<div class=\"form-field\">\n\t<span class=\"wpcf7-form-control-wrap\" data-name=\"email\"><input size=\"40\" maxlength=\"400\" class=\"wpcf7-form-control wpcf7-email wpcf7-validates-as-required wpcf7-text wpcf7-validates-as-email\" id=\"email\" aria-required=\"true\" aria-invalid=\"false\" placeholder=\"E-mail\" value=\"\" type=\"email\" name=\"email\" \/><\/span>\n<\/div>\n<div class=\"form-field\">\n\t<span class=\"wpcf7-form-control-wrap\" data-name=\"telephone\"><input size=\"40\" maxlength=\"400\" class=\"wpcf7-form-control wpcf7-tel wpcf7-validates-as-required wpcf7-text wpcf7-validates-as-tel\" id=\"telephone\" aria-required=\"true\" aria-invalid=\"false\" placeholder=\"T\u00e9l\u00e9phone\" value=\"\" type=\"tel\" name=\"telephone\" \/><\/span>\n<\/div>\n<div class=\"form-field\">\n\t<span class=\"wpcf7-form-control-wrap\" data-name=\"message\"><textarea cols=\"40\" rows=\"10\" maxlength=\"2000\" class=\"wpcf7-form-control wpcf7-textarea wpcf7-validates-as-required\" id=\"message\" aria-required=\"true\" aria-invalid=\"false\" placeholder=\"Message\" name=\"message\"><\/textarea><\/span>\n<\/div>\n<div class=\"form-field\">\n\t<label for=\"privacy-policy\" class=\"form-field__label-privacy\">Privacy policy<\/label>\n\t<span class=\"wpcf7-form-control-wrap\" data-name=\"privacy-policy\"><span class=\"wpcf7-form-control wpcf7-acceptance\"><span class=\"wpcf7-list-item\"><label><input type=\"checkbox\" name=\"privacy-policy\" value=\"1\" id=\"privacy-policy\" aria-invalid=\"false\" \/><span class=\"wpcf7-list-item-label\">J\u2019autorise LenaLaw \u00e0 utiliser mes donn\u00e9es conform\u00e9ment \u00e0 l\u2019objectif de ce formulaire.<\/span><\/label><\/span><\/span><\/span>\n<\/div>\n<span id=\"wpcf7-69f7569353a67-wrapper\" class=\"wpcf7-form-control-wrap subject-wrap\" style=\"display:none !important; visibility:hidden !important;\"><label for=\"wpcf7-69f7569353a67-field\" class=\"hp-message\">Veuillez laisser ce champ vide.<\/label><input id=\"wpcf7-69f7569353a67-field\"  class=\"wpcf7-form-control wpcf7-text\" type=\"text\" name=\"subject\" value=\"\" size=\"40\" tabindex=\"-1\" autocomplete=\"new-password\" \/><\/span>\n<div class=\"form-field submit-wrapper\">\n\t<p class=\"form-field__response-text\">\n\t\tNous serions ravis d\u2019avoir de vos nouvelles!\n\t<\/p>\n\t<button type=\"submit\" class=\"wpcf7-form-control wpcf7-submit btn btn-primary custom-btn-style\">ENVOYER<\/button>\n<\/div>\n<!--\n<div class=\"form-field form-instructions\">\n\tHet is verplicht om de velden met een sterretje in te vullen <span class=\"required\">*<\/span>\n<\/div>\n--><div class=\"wpcf7-response-output\" aria-hidden=\"true\"><\/div>\n<\/form>\n<\/div>\n<\/div>\n<\/div>\n<\/section>\n\n\n\n<article class=\"wp-block-group alignwide pagina-default is-style-section has-global-padding is-layout-constrained wp-block-group-is-layout-constrained\">\n<p><\/p>\n<\/article>\n","protected":false},"excerpt":{"rendered":"<p>\u00c0 propos de nous Compte tenu de l\u2019augmentation exponentielle, de la complexit\u00e9 de la r\u00e9glementation relative au bien-\u00eatre psychosocial au travail, les entreprises et leurs dirigeants sont souvent insuffisamment inform\u00e9s et accro\u00eet d\u00e8s lors le risque de voir leur responsabilit\u00e9 engag\u00e9e.LenaLaw a pour objectif de combler ce d\u00e9ficit de connaissances et d\u2019aider les entreprises \u00e0 [&hellip;]<\/p>\n","protected":false},"author":7,"featured_media":0,"parent":0,"menu_order":7,"comment_status":"closed","ping_status":"closed","template":"","meta":{"_seopress_robots_primary_cat":"","_seopress_titles_title":"","_seopress_titles_desc":"","_seopress_robots_index":"","footnotes":""},"class_list":["post-433","page","type-page","status-publish","hentry"],"_links":{"self":[{"href":"https:\/\/lenalaw.be\/fr\/wp-json\/wp\/v2\/pages\/433","targetHints":{"allow":["GET"]}}],"collection":[{"href":"https:\/\/lenalaw.be\/fr\/wp-json\/wp\/v2\/pages"}],"about":[{"href":"https:\/\/lenalaw.be\/fr\/wp-json\/wp\/v2\/types\/page"}],"author":[{"embeddable":true,"href":"https:\/\/lenalaw.be\/fr\/wp-json\/wp\/v2\/users\/7"}],"replies":[{"embeddable":true,"href":"https:\/\/lenalaw.be\/fr\/wp-json\/wp\/v2\/comments?post=433"}],"version-history":[{"count":0,"href":"https:\/\/lenalaw.be\/fr\/wp-json\/wp\/v2\/pages\/433\/revisions"}],"wp:attachment":[{"href":"https:\/\/lenalaw.be\/fr\/wp-json\/wp\/v2\/media?parent=433"}],"curies":[{"name":"wp","href":"https:\/\/api.w.org\/{rel}","templated":true}]}}